{"id":2331,"date":"2024-05-16T21:11:38","date_gmt":"2024-05-17T02:11:38","guid":{"rendered":"https:\/\/liftwisconsin.org\/sobre-nosotros\/personal\/"},"modified":"2025-10-29T10:03:19","modified_gmt":"2025-10-29T15:03:19","slug":"personal","status":"publish","type":"page","link":"https:\/\/liftwisconsin.org\/es\/sobre-nosotros\/personal\/","title":{"rendered":"Personal"},"content":{"rendered":"<p>[et_pb_section fb_built=\u00bb1&#8243; custom_padding_last_edited=\u00bbon|phone\u00bb _builder_version=\u00bb4.27.0&#8243; _module_preset=\u00bbdefault\u00bb background_color=\u00bb#0B439F\u00bb custom_margin=\u00bb||||false|false\u00bb custom_padding=\u00bb||200px||false|false\u00bb custom_padding_tablet=\u00bb||200px||false|false\u00bb custom_padding_phone=\u00bb0px|10px|0px|10px|false|true\u00bb global_colors_info=\u00bb{}\u00bb][et_pb_row column_structure=\u00bb3_5,2_5&#8243; use_custom_gutter=\u00bbon\u00bb gutter_width=\u00bb1&#8243; _builder_version=\u00bb4.25.1&#8243; _module_preset=\u00bbdefault\u00bb width=\u00bb100%\u00bb max_width=\u00bb1153px\u00bb custom_padding=\u00bb||5%||false|false\u00bb global_colors_info=\u00bb{}\u00bb][et_pb_column type=\u00bb3_5&#8243; _builder_version=\u00bb4.25.1&#8243; _module_preset=\u00bbdefault\u00bb global_colors_info=\u00bb{}\u00bb][et_pb_text admin_label=\u00bbIntro text\u00bb _builder_version=\u00bb4.25.1&#8243; _module_preset=\u00bbdefault\u00bb text_font=\u00bbSofiaProRegular||||||||\u00bb text_text_color=\u00bb#ffffff\u00bb text_font_size=\u00bb20px\u00bb header_2_font=\u00bbSofiaProBold||||||||\u00bb header_2_text_color=\u00bb#ffffff\u00bb header_2_font_size=\u00bb50px\u00bb header_3_font=\u00bbSofiaProBold||||||||\u00bb header_3_text_color=\u00bb#ffffff\u00bb custom_padding=\u00bb37px|50px||11px|false|false\u00bb global_colors_info=\u00bb{}\u00bb]<\/p>\n<h2>Nuestro equipo<\/h2>\n<p><span>LIFT Wisconsin es una colaboraci\u00f3n entre Economic Justice Institute, Inc., Legal Action of WI, Inc., las cl\u00ednicas legales civiles de la Facultad de Derecho de la UW, Center for Patient Partnerships y Employment and Training Association.<\/span><\/p>\n<p>[\/et_pb_text][et_pb_button button_text=\u00bbNuestro impacto\u00bb button_alignment=\u00bbleft\u00bb _builder_version=\u00bb4.27.0&#8243; _module_preset=\u00bbdefault\u00bb custom_button=\u00bbon\u00bb button_text_size=\u00bb22px\u00bb button_text_color=\u00bb#ffffff\u00bb button_border_color=\u00bb#ffffff\u00bb button_border_radius=\u00bb0px\u00bb button_font=\u00bbSofiaProSemiBold|600|||||||\u00bb button_on_hover=\u00bboff\u00bb custom_margin=\u00bb37px|0px||11px|false|false\u00bb custom_margin_tablet=\u00bb37px|0px||11px|false|false\u00bb custom_margin_phone=\u00bb13px|0px|21px|11px|false|false\u00bb custom_margin_last_edited=\u00bbon|phone\u00bb custom_padding=\u00bb||||false|false\u00bb global_colors_info=\u00bb{}\u00bb button_text_color__hover=\u00bb#00A63E\u00bb button_text_color__hover_enabled=\u00bbon|desktop\u00bb button_border_color__hover=\u00bb#00A63E\u00bb button_border_color__hover_enabled=\u00bbon|hover\u00bb][\/et_pb_button][\/et_pb_column][et_pb_column type=\u00bb2_5&#8243; _builder_version=\u00bb4.25.1&#8243; _module_preset=\u00bbdefault\u00bb global_colors_info=\u00bb{}\u00bb][et_pb_image src=\u00bbhttps:\/\/liftwisconsin.org\/wp-content\/uploads\/2024\/05\/billboard-LIFT-far.jpg\u00bb title_text=\u00bbvalla publicitaria LIFT lejos\u00bb show_bottom_space=\u00bboff\u00bb _builder_version=\u00bb4.27.3&#8243; _module_preset=\u00bbdefault\u00bb width_tablet=\u00bb60%\u00bb width_phone=\u00bb60%\u00bb width_last_edited=\u00bbon|tablet\u00bb height_tablet=\u00bbauto\u00bb height_phone=\u00bbauto\u00bb height_last_edited=\u00bbon|tablet\u00bb custom_margin=\u00bb0px||||false|false\u00bb custom_padding=\u00bb0px||5%||false|false\u00bb custom_padding_tablet=\u00bb5%||5%||false|false\u00bb custom_padding_phone=\u00bb5%||5%||false|false\u00bb custom_padding_last_edited=\u00bbon|tablet\u00bb module_alignment_tablet=\u00bbcenter\u00bb module_alignment_phone=\u00bbcenter\u00bb module_alignment_last_edited=\u00bbon|tablet\u00bb global_colors_info=\u00bb{}\u00bb][\/et_pb_image][\/et_pb_column][\/et_pb_row][\/et_pb_section][et_pb_section fb_built=\u00bb1&#8243; _builder_version=\u00bb4.27.3&#8243; _module_preset=\u00bbdefault\u00bb width_tablet=\u00bb\u00bb width_phone=\u00bb\u00bb width_last_edited=\u00bbon|phone\u00bb global_colors_info=\u00bb{}\u00bb][et_pb_row column_structure=\u00bb1_4,1_4,1_4,1_4&#8243; use_custom_gutter=\u00bbon\u00bb gutter_width=\u00bb2&#8243; custom_padding_last_edited=\u00bbon|tablet\u00bb _builder_version=\u00bb4.27.4&#8243; _module_preset=\u00bbdefault\u00bb width=\u00bbauto\u00bb width_tablet=\u00bbauto\u00bb width_phone=\u00bb90%\u00bb width_last_edited=\u00bbon|tablet\u00bb max_width_tablet=\u00bb\u00bb max_width_phone=\u00bb\u00bb max_width_last_edited=\u00bbon|tablet\u00bb custom_padding=\u00bb||0px||false|false\u00bb custom_padding_tablet=\u00bb|20px||20px|false|true\u00bb custom_padding_phone=\u00bb|20px||20px|false|true\u00bb global_colors_info=\u00bb{}\u00bb][et_pb_column type=\u00bb1_4&#8243; _builder_version=\u00bb4.27.3&#8243; _module_preset=\u00bbdefault\u00bb custom_padding_tablet=\u00bb\u00bb custom_padding_phone=\u00bb\u00bb custom_padding_last_edited=\u00bbon|phone\u00bb global_colors_info=\u00bb{}\u00bb][et_pb_image src=\u00bbhttps:\/\/liftwisconsin.org\/wp-content\/uploads\/2024\/05\/JLL-Headshot.png\u00bb alt=\u00bbJessie lutter-Long\u00bb title_text=\u00bbJessie lutter-Long\u00bb admin_label=\u00bbJLL\u00bb _builder_version=\u00bb4.27.4&#8243; _module_preset=\u00bbdefault\u00bb width=\u00bb100%\u00bb global_colors_info=\u00bb{}\u00bb][\/et_pb_image][et_pb_text _builder_version=\u00bb4.27.4&#8243; _module_preset=\u00bbdefault\u00bb text_font=\u00bbSofiaProSemiBold|&#8211;et_global_heading_font_weight|||||||\u00bb text_text_color=\u00bb#00A63E\u00bb text_font_size=\u00bb17px\u00bb text_line_height=\u00bb0.8em\u00bb header_2_font=\u00bbSofiaProBold|600|||||||\u00bb header_2_text_color=\u00bb#0B439F\u00bb custom_padding=\u00bb||15px||false|false\u00bb global_colors_info=\u00bb{}\u00bb]<\/p>\n<h2>Jessie lutter-Long<\/h2>\n<p>Coordinadora de Justicia<\/p>\n<p>[\/et_pb_text][et_pb_toggle title=\u00bbLeer biograf\u00eda\u00bb open_toggle_text_color=\u00bb#0B439F\u00bb open_toggle_background_color=\u00bb#ffffff\u00bb closed_toggle_text_color=\u00bb#ffffff\u00bb closed_toggle_background_color=\u00bb#00A63E\u00bb icon_color=\u00bb#ffffff\u00bb use_icon_font_size=\u00bbon\u00bb icon_font_size=\u00bb20px\u00bb open_icon_color=\u00bb#0B439F\u00bb open_use_icon_font_size=\u00bbon\u00bb open_icon_font_size=\u00bb20px\u00bb _builder_version=\u00bb4.27.4&#8243; _module_preset=\u00bbdefault\u00bb title_text_color=\u00bb#0B439F\u00bb title_text_align=\u00bbleft\u00bb closed_title_font_size=\u00bb17px\u00bb module_alignment=\u00bbleft\u00bb custom_margin=\u00bb0px|0px|0px|0px|false|false\u00bb custom_padding=\u00bb17px|12px|17px|12px|false|false\u00bb hover_enabled=\u00bb0&#8243; custom_css_toggle_title=\u00bbtext-align:right;\u00bb global_colors_info=\u00bb{}\u00bb closed_title_text_align=\u00bbleft\u00bb sticky_enabled=\u00bb0&#8243;]<\/p>\n<p>Jessie Lutter-Long es una abogada con licencia para ejercer la abogac\u00eda en el estado de Wisconsin y en el Tribunal de Quiebras del Distrito Este de Wisconsin. Obtuvo su B.F.A. del Instituto de Arte y Dise\u00f1o de Milwaukee y se gradu\u00f3 con su J.D. de la Facultad de Derecho de la Universidad de Marquette en 2019. Despu\u00e9s de graduarse, Lutter-Long trabaj\u00f3 como abogada en Legal Action of Wisconsin y en el Centro para la Recuperaci\u00f3n de Licencias de Conducir y la Empleabilidad, donde ayud\u00f3 a los residentes de bajos ingresos del condado de Milwaukee a obtener licencias de conducir v\u00e1lidas y a eliminar las barreras para el empleo que sustenta a la familia. Fuera del trabajo, disfruta del arte, los animales y la jardiner\u00eda.   <\/p>\n<p>[\/et_pb_toggle][\/et_pb_column][et_pb_column type=\u00bb1_4&#8243; _builder_version=\u00bb4.25.1&#8243; _module_preset=\u00bbdefault\u00bb global_colors_info=\u00bb{}\u00bb][et_pb_image src=\u00bbhttps:\/\/liftwisconsin.org\/wp-content\/uploads\/2024\/06\/erica-8&#215;10-1-scaled-e1725364405512.jpg\u00bb alt=\u00bbErica Nelson\u00bb title_text=\u00bbErica Nelson\u00bb admin_label=\u00bbEN\u00bb _builder_version=\u00bb4.27.3&#8243; _module_preset=\u00bbdefault\u00bb width=\u00bb100%\u00bb global_colors_info=\u00bb{}\u00bb][\/et_pb_image][et_pb_text _builder_version=\u00bb4.27.4&#8243; _module_preset=\u00bbdefault\u00bb text_font=\u00bbSofiaProSemiBold|&#8211;et_global_heading_font_weight|||||||\u00bb text_text_color=\u00bb#00A63E\u00bb text_font_size=\u00bb17px\u00bb text_line_height=\u00bb0.8em\u00bb header_2_font=\u00bbSofiaProBold|600|||||||\u00bb header_2_text_color=\u00bb#0B439F\u00bb custom_padding=\u00bb||15px||false|false\u00bb global_colors_info=\u00bb{}\u00bb]<\/p>\n<h2>Erica Nelson<\/h2>\n<p>Directora Ejecutiva<\/p>\n<p>[\/et_pb_text][et_pb_toggle title=\u00bbLeer biograf\u00eda\u00bb open_toggle_text_color=\u00bb#0B439F\u00bb open_toggle_background_color=\u00bb#ffffff\u00bb closed_toggle_text_color=\u00bb#ffffff\u00bb closed_toggle_background_color=\u00bb#00A63E\u00bb icon_color=\u00bb#ffffff\u00bb use_icon_font_size=\u00bbon\u00bb icon_font_size=\u00bb20px\u00bb open_icon_color=\u00bb#0B439F\u00bb open_use_icon_font_size=\u00bbon\u00bb open_icon_font_size=\u00bb20px\u00bb _builder_version=\u00bb4.27.4&#8243; _module_preset=\u00bbdefault\u00bb title_text_color=\u00bb#0B439F\u00bb title_text_align=\u00bbleft\u00bb closed_title_font_size=\u00bb17px\u00bb module_alignment=\u00bbleft\u00bb custom_margin=\u00bb0px|0px|0px|0px|false|false\u00bb custom_padding=\u00bb17px|12px|17px|12px|false|false\u00bb hover_enabled=\u00bb0&#8243; custom_css_toggle_title=\u00bbtext-align:right;\u00bb global_colors_info=\u00bb{}\u00bb closed_title_text_align=\u00bbleft\u00bb sticky_enabled=\u00bb0&#8243;]<\/p>\n<p>Erica Nelson (ella) ha estado trabajando para promover la justicia social, racial, ambiental y econ\u00f3mica durante m\u00e1s de 20 a\u00f1os. Su trabajo incluye el avance de la reforma de la pr\u00e1ctica y la pol\u00edtica en el bienestar infantil y la justicia juvenil, as\u00ed como liderar los esfuerzos para abordar los impulsores sist\u00e9micos y estructurales que perpet\u00faan y agravan las desigualdades raciales y econ\u00f3micas. Es una visionaria, estratega y emprendedora social cuyo lenguaje de amor es el cambio de pol\u00edtica transformador y que est\u00e1 profundamente comprometida con el aumento del acceso a la justicia para las personas, familias y comunidades con escasos recursos.  <\/p>\n<p>Erica comenz\u00f3 su carrera como abogada en el Centro para la Representaci\u00f3n Familiar, representando a padres involucrados en el sistema de bienestar infantil de la ciudad de Nueva York. Despu\u00e9s de mudarse a Wisconsin en 2010, fund\u00f3 y dirigi\u00f3 el proyecto Race to Equity, se desempe\u00f1\u00f3 como Directora de Defensa en Kids Forward y actualmente es Directora Ejecutiva de LIFT Wisconsin. <\/p>\n<p>Nelson es graduada de UW-Madison y Rutgers Law School. Antes de ingresar a la facultad de derecho, su primera carrera fue como bailarina de ballet contempor\u00e1neo en la ciudad de Nueva York. Tiene dos hijos incre\u00edbles, un labrador demasiado en\u00e9rgico y se esfuerza por ser competente en ciclismo de monta\u00f1a, surf y vela, entre muchas otras cosas.  <\/p>\n<p>[\/et_pb_toggle][\/et_pb_column][et_pb_column type=\u00bb1_4&#8243; _builder_version=\u00bb4.27.3&#8243; _module_preset=\u00bbdefault\u00bb global_colors_info=\u00bb{}\u00bb][et_pb_image src=\u00bbhttps:\/\/liftwisconsin.org\/wp-content\/uploads\/2024\/11\/Alberto-Prado-Photo-for-Staff-Page.png\u00bb alt=\u00bbAlberto Prado\u00bb title_text=\u00bbFoto de Alberto Prado para la p\u00e1gina del personal\u00bb _builder_version=\u00bb4.27.3&#8243; _module_preset=\u00bbdefault\u00bb global_colors_info=\u00bb{}\u00bb][\/et_pb_image][et_pb_text _builder_version=\u00bb4.27.4&#8243; _module_preset=\u00bbdefault\u00bb text_font=\u00bbSofiaProSemiBold|&#8211;et_global_heading_font_weight|||||||\u00bb text_text_color=\u00bb#00A63E\u00bb text_font_size=\u00bb17px\u00bb text_line_height=\u00bb0.8em\u00bb header_2_font=\u00bbSofiaProBold|600|||||||\u00bb header_2_text_color=\u00bb#0B439F\u00bb custom_padding=\u00bb||15px||false|false\u00bb global_colors_info=\u00bb{}\u00bb]<\/p>\n<h2>Alberto Prado<\/h2>\n<p>Coordinador de Divulgaci\u00f3n<\/p>\n<p>[\/et_pb_text][et_pb_toggle title=\u00bbLeer biograf\u00eda\u00bb open_toggle_text_color=\u00bb#0B439F\u00bb open_toggle_background_color=\u00bb#ffffff\u00bb closed_toggle_text_color=\u00bb#ffffff\u00bb closed_toggle_background_color=\u00bb#00A63E\u00bb icon_color=\u00bb#ffffff\u00bb use_icon_font_size=\u00bbon\u00bb icon_font_size=\u00bb20px\u00bb open_icon_color=\u00bb#0B439F\u00bb open_use_icon_font_size=\u00bbon\u00bb open_icon_font_size=\u00bb20px\u00bb _builder_version=\u00bb4.27.4&#8243; _module_preset=\u00bbdefault\u00bb title_text_color=\u00bb#0B439F\u00bb title_text_align=\u00bbleft\u00bb closed_title_font_size=\u00bb17px\u00bb module_alignment=\u00bbleft\u00bb custom_margin=\u00bb0px|0px|0px|0px|false|false\u00bb custom_padding=\u00bb17px|12px|17px|12px|false|false\u00bb hover_enabled=\u00bb0&#8243; custom_css_toggle_title=\u00bbtext-align:right;\u00bb global_colors_info=\u00bb{}\u00bb closed_title_text_align=\u00bbleft\u00bb sticky_enabled=\u00bb0&#8243;]<\/p>\n<div>Alberto es el Coordinador de Divulgaci\u00f3n de LIFT. Mantiene relaciones de trabajo cooperativas con agencias gubernamentales, instituciones educativas, organizaciones sin fines de lucro y grupos comunitarios, adem\u00e1s de capacitar a proveedores de servicios comunitarios, bibliotecarios, estudiantes y voluntarios sobre nuestra herramienta Legal Tune Up. Alberto tambi\u00e9n coordina cl\u00ednicas emergentes regionales para ayudar a los participantes a restaurar su licencia de conducir. Con fluidez en espa\u00f1ol, Alberto se asegura de que todos puedan usar la herramienta.   <\/div>\n<div><\/div>\n<p>&nbsp;<\/p>\n<div>Cuando no est\u00e1 ayudando a los clientes, puedes encontrar a Alberto paseando a Leo (blue heeler australiano) y Sam (cachorro golden retriever) por la ciudad.<\/div>\n<p>[\/et_pb_toggle][\/et_pb_column][et_pb_column type=\u00bb1_4&#8243; _builder_version=\u00bb4.27.4&#8243; _module_preset=\u00bbdefault\u00bb global_colors_info=\u00bb{}\u00bb][et_pb_image src=\u00bbhttps:\/\/liftwisconsin.org\/wp-content\/uploads\/2025\/09\/Danitza-Rodriguez-Jimenez.png\u00bb alt=\u00bbAlberto Prado\u00bb title_text=\u00bbDanitza Rodriguez Jimenez\u00bb admin_label=\u00bbDRJ\u00bb _builder_version=\u00bb4.27.4&#8243; _module_preset=\u00bbdefault\u00bb global_colors_info=\u00bb{}\u00bb][\/et_pb_image][et_pb_text _builder_version=\u00bb4.27.4&#8243; _module_preset=\u00bbdefault\u00bb text_font=\u00bbSofiaProSemiBold|&#8211;et_global_heading_font_weight|||||||\u00bb text_text_color=\u00bb#00A63E\u00bb text_font_size=\u00bb17px\u00bb text_line_height=\u00bb0.8em\u00bb header_2_font=\u00bbSofiaProBold|600|||||||\u00bb header_2_text_color=\u00bb#0B439F\u00bb custom_margin=\u00bb||16px|||\u00bb custom_padding=\u00bb||0px||false|false\u00bb global_colors_info=\u00bb{}\u00bb]<\/p>\n<h2>Danitza Rodriguez Jimenez<\/h2>\n<p>Trabajadora de Justicia Comunitaria<\/p>\n<p>[\/et_pb_text][et_pb_toggle title=\u00bbLeer biograf\u00eda\u00bb open_toggle_text_color=\u00bb#0B439F\u00bb open_toggle_background_color=\u00bb#ffffff\u00bb closed_toggle_text_color=\u00bb#ffffff\u00bb closed_toggle_background_color=\u00bb#00A63E\u00bb icon_color=\u00bb#ffffff\u00bb use_icon_font_size=\u00bbon\u00bb icon_font_size=\u00bb20px\u00bb open_icon_color=\u00bb#0B439F\u00bb open_use_icon_font_size=\u00bbon\u00bb open_icon_font_size=\u00bb20px\u00bb _builder_version=\u00bb4.27.4&#8243; _module_preset=\u00bbdefault\u00bb title_text_color=\u00bb#0B439F\u00bb title_text_align=\u00bbleft\u00bb closed_title_font_size=\u00bb17px\u00bb module_alignment=\u00bbleft\u00bb custom_margin=\u00bb-8px|0px|0px|0px|false|false\u00bb custom_padding=\u00bb17px|12px|17px|12px|false|false\u00bb hover_enabled=\u00bb0&#8243; custom_css_toggle_title=\u00bbtext-align:right;\u00bb global_colors_info=\u00bb{}\u00bb closed_title_text_align=\u00bbleft\u00bb sticky_enabled=\u00bb0&#8243;]<\/p>\n<p>Danitza se gradu\u00f3 de la Universidad de Wisconsin-Madison en 2024 con t\u00edtulos en Estudios Internacionales y Estudios Chicanos\/Latinos. Despu\u00e9s de graduarse, trabaj\u00f3 con el Consejo de Desarrollo de la Comunidad Et\u00edope (ECDC) Centro Comunitario Multicultural, donde ayud\u00f3 a reasentar a los refugiados en el centro-norte de Wisconsin y desarroll\u00f3 programas para facilitar una transici\u00f3n m\u00e1s f\u00e1cil para ellos. En el futuro, Danitza planea regresar a la escuela para obtener su t\u00edtulo en derecho; est\u00e1 interesada en el trabajo, la inmigraci\u00f3n y los derechos civiles.  <\/p>\n<p>En su tiempo libre, a Danitza le encanta cocinar, pintar, ver pel\u00edculas o estar en la naturaleza, especialmente ir de excursi\u00f3n o hacer kayak. Su comida favorita para cocinar es espagueti verde, \u00a1un espagueti mexicano hecho con chiles poblanos! Danitza es la hija mediana de tres hermanas. De vuelta en casa, tiene cinco gallinas y un perro peque\u00f1o llamado Juni que \u00abhabla\u00bb usando botones!  <\/p>\n<p>[\/et_pb_toggle][\/et_pb_column][\/et_pb_row][et_pb_row custom_padding_last_edited=\u00bbon|phone\u00bb _builder_version=\u00bb4.27.0&#8243; _module_preset=\u00bbdefault\u00bb custom_padding=\u00bb101px||11px|||\u00bb custom_padding_tablet=\u00bb\u00bb custom_padding_phone=\u00bb||0px||false|false\u00bb global_colors_info=\u00bb{}\u00bb][et_pb_column type=\u00bb4_4&#8243; _builder_version=\u00bb4.25.1&#8243; _module_preset=\u00bbdefault\u00bb global_colors_info=\u00bb{}\u00bb][et_pb_text admin_label=\u00bbIntro text\u00bb _builder_version=\u00bb4.27.3&#8243; _module_preset=\u00bbdefault\u00bb text_font=\u00bbSofiaProRegular||||||||\u00bb text_text_color=\u00bb#0B439F\u00bb text_font_size=\u00bb19px\u00bb header_text_color=\u00bb#0B439F\u00bb header_2_font=\u00bbSofiaProBold||||||||\u00bb header_2_text_color=\u00bb#0B439F\u00bb header_2_font_size=\u00bb45px\u00bb header_3_font=\u00bbSofiaProBold||||||||\u00bb header_3_text_color=\u00bb#0B439F\u00bb header_2_font_size_tablet=\u00bb45px\u00bb header_2_font_size_phone=\u00bb26px\u00bb header_2_font_size_last_edited=\u00bbon|phone\u00bb locked=\u00bboff\u00bb global_colors_info=\u00bb{}\u00bb]<\/p>\n<h2>Nuestros fundadores\/asesores<\/h2>\n<p>[\/et_pb_text][\/et_pb_column][\/et_pb_row][et_pb_row column_structure=\u00bb1_3,1_3,1_3&#8243; use_custom_gutter=\u00bbon\u00bb gutter_width=\u00bb2&#8243; make_equal=\u00bbon\u00bb _builder_version=\u00bb4.25.1&#8243; _module_preset=\u00bbdefault\u00bb custom_margin=\u00bb-23px|auto||auto||\u00bb global_colors_info=\u00bb{}\u00bb][et_pb_column type=\u00bb1_3&#8243; _builder_version=\u00bb4.25.1&#8243; _module_preset=\u00bbdefault\u00bb global_colors_info=\u00bb{}\u00bb][et_pb_image src=\u00bbhttps:\/\/liftwisconsin.org\/wp-content\/uploads\/2024\/06\/sarahdavis.jpg\u00bb alt=\u00bbSarah Davis\u00bb title_text=\u00bbSarah Davis\u00bb url=\u00bbhttps:\/\/law.wisc.edu\/profiles\/sdavis2@wisc.edu\u00bb url_new_window=\u00bbon\u00bb align_tablet=\u00bb\u00bb align_phone=\u00bbcenter\u00bb align_last_edited=\u00bbon|phone\u00bb admin_label=\u00bbSD\u00bb _builder_version=\u00bb4.27.3&#8243; _module_preset=\u00bbdefault\u00bb width=\u00bb81%\u00bb global_colors_info=\u00bb{}\u00bb][\/et_pb_image][et_pb_text _builder_version=\u00bb4.27.0&#8243; _module_preset=\u00bbdefault\u00bb text_font=\u00bbSofiaProSemiBold|&#8211;et_global_heading_font_weight|||||||\u00bb text_text_color=\u00bb#00A63E\u00bb text_font_size=\u00bb17px\u00bb text_line_height=\u00bb1em\u00bb header_2_font=\u00bbSofiaProBold|600|||||||\u00bb header_2_text_color=\u00bb#0B439F\u00bb link_option_url=\u00bbhttps:\/\/law.wisc.edu\/profiles\/sdavis2@wisc.edu\u00bb link_option_url_new_window=\u00bbon\u00bb global_colors_info=\u00bb{}\u00bb header_2_text_color__hover_enabled=\u00bbon|hover\u00bb header_2_text_color__hover=\u00bb#85A1CF\u00bb]<\/p>\n<h2>Sarah Davis, JD, MPA<\/h2>\n<p>Directora, Centro para asociaciones de pacientes<\/p>\n<p>[\/et_pb_text][\/et_pb_column][et_pb_column type=\u00bb1_3&#8243; _builder_version=\u00bb4.25.1&#8243; _module_preset=\u00bbdefault\u00bb global_colors_info=\u00bb{}\u00bb][et_pb_image src=\u00bbhttps:\/\/liftwisconsin.org\/wp-content\/uploads\/2024\/06\/mansfield_2-scaled.jpg\u00bb alt=\u00bbMarsha Mansfield\u00bb title_text=\u00bbMarsha Mansfield\u00bb url=\u00bbhttps:\/\/law.wisc.edu\/profiles\/mmmansfield@wisc.edu\u00bb url_new_window=\u00bbon\u00bb align_tablet=\u00bb\u00bb align_phone=\u00bbcenter\u00bb align_last_edited=\u00bbon|phone\u00bb admin_label=\u00bbMM\u00bb _builder_version=\u00bb4.27.3&#8243; _module_preset=\u00bbdefault\u00bb width=\u00bb77%\u00bb global_colors_info=\u00bb{}\u00bb][\/et_pb_image][et_pb_text _builder_version=\u00bb4.25.1&#8243; _module_preset=\u00bbdefault\u00bb text_font=\u00bbSofiaProSemiBold|&#8211;et_global_heading_font_weight|||||||\u00bb text_text_color=\u00bb#00A63E\u00bb text_font_size=\u00bb17px\u00bb text_line_height=\u00bb1em\u00bb header_2_font=\u00bbSofiaProBold|600|||||||\u00bb header_2_text_color=\u00bb#0B439F\u00bb link_option_url=\u00bbhttps:\/\/law.wisc.edu\/profiles\/mmmansfield@wisc.edu\u00bb link_option_url_new_window=\u00bbon\u00bb global_colors_info=\u00bb{}\u00bb header_2_text_color__hover_enabled=\u00bbon|hover\u00bb header_2_text_color__hover=\u00bb#85A1CF\u00bb]<\/p>\n<h2>Marsha Mansfield, JD<\/h2>\n<p><span>Profesora Cl\u00ednica Distinguida em\u00e9rita<\/span><\/p>\n<p>[\/et_pb_text][\/et_pb_column][et_pb_column type=\u00bb1_3&#8243; _builder_version=\u00bb4.25.1&#8243; _module_preset=\u00bbdefault\u00bb global_colors_info=\u00bb{}\u00bb][et_pb_image src=\u00bbhttps:\/\/liftwisconsin.org\/wp-content\/uploads\/2024\/06\/mitch.jpg\u00bb alt=\u00bbMitch\u00bb title_text=\u00bbmitch\u00bb url=\u00bbhttps:\/\/law.wisc.edu\/profiles\/mitch@wisc.edu\u00bb url_new_window=\u00bbon\u00bb align_tablet=\u00bb\u00bb align_phone=\u00bbcenter\u00bb align_last_edited=\u00bbon|phone\u00bb admin_label=\u00bbmitch\u00bb _builder_version=\u00bb4.27.3&#8243; _module_preset=\u00bbdefault\u00bb width=\u00bb78%\u00bb global_colors_info=\u00bb{}\u00bb][\/et_pb_image][et_pb_text _builder_version=\u00bb4.25.1&#8243; _module_preset=\u00bbdefault\u00bb text_font=\u00bbSofiaProSemiBold|&#8211;et_global_heading_font_weight|||||||\u00bb text_text_color=\u00bb#00A63E\u00bb text_font_size=\u00bb17px\u00bb text_line_height=\u00bb1em\u00bb header_2_font=\u00bbSofiaProBold|600|||||||\u00bb header_2_text_color=\u00bb#0B439F\u00bb link_option_url=\u00bbhttps:\/\/law.wisc.edu\/profiles\/mitch@wisc.edu\u00bb link_option_url_new_window=\u00bbon\u00bb global_colors_info=\u00bb{}\u00bb header_2_text_color__hover_enabled=\u00bbon|hover\u00bb header_2_text_color__hover=\u00bb#85A1CF\u00bb]<\/p>\n<h2>Mitch, JD<\/h2>\n<p>Director, Instituto de Justicia Econ\u00f3mica<\/p>\n<p>[\/et_pb_text][\/et_pb_column][\/et_pb_row][\/et_pb_section]<\/p>\n","protected":false},"excerpt":{"rendered":"<p>Nuestro equipo LIFT Wisconsin es una colaboraci\u00f3n entre Economic Justice Institute, Inc., Legal Action of WI, Inc., las cl\u00ednicas legales civiles de la Facultad de Derecho de la UW, Center [&hellip;]<\/p>\n","protected":false},"author":2,"featured_media":0,"parent":2205,"menu_order":0,"comment_status":"closed","ping_status":"closed","template":"","meta":{"_et_pb_use_builder":"on","_et_pb_old_content":"","_et_gb_content_width":"","footnotes":""},"class_list":["post-2331","page","type-page","status-publish","hentry"],"yoast_head":"<!-- This site is optimized with the Yoast SEO Premium plugin v27.5 (Yoast SEO v27.5) - https:\/\/yoast.com\/product\/yoast-seo-premium-wordpress\/ -->\n<title>Personal - Lift Wisconsin<\/title>\n<meta name=\"description\" content=\"LIFT es una colaboraci\u00f3n entre Economic Justice Institute, Inc., Legal Action of WI, Inc., las cl\u00ednicas legales civiles de la Facultad de Derecho de la UW, Center for Patient Partnerships y Employment and Training Association.\" \/>\n<meta name=\"robots\" content=\"index, follow, max-snippet:-1, max-image-preview:large, max-video-preview:-1\" \/>\n<link rel=\"canonical\" href=\"https:\/\/liftwisconsin.org\/es\/sobre-nosotros\/personal\/\" \/>\n<meta property=\"og:locale\" content=\"es_ES\" \/>\n<meta property=\"og:type\" content=\"article\" \/>\n<meta property=\"og:title\" content=\"Personal\" \/>\n<meta property=\"og:description\" content=\"LIFT es una colaboraci\u00f3n entre Economic Justice Institute, Inc., Legal Action of WI, Inc., las cl\u00ednicas legales civiles de la Facultad de Derecho de la UW, Center for Patient Partnerships y Employment and Training Association.\" \/>\n<meta property=\"og:url\" content=\"https:\/\/liftwisconsin.org\/es\/sobre-nosotros\/personal\/\" \/>\n<meta property=\"og:site_name\" content=\"Lift Wisconsin\" \/>\n<meta property=\"article:modified_time\" content=\"2025-10-29T15:03:19+00:00\" \/>\n<meta property=\"og:image\" content=\"https:\/\/liftwisconsin.org\/wp-content\/uploads\/2024\/09\/LIFT-Social-Share-Default.png\" \/>\n\t<meta property=\"og:image:width\" content=\"1200\" \/>\n\t<meta property=\"og:image:height\" content=\"675\" \/>\n\t<meta property=\"og:image:type\" content=\"image\/png\" \/>\n<meta name=\"twitter:card\" content=\"summary_large_image\" \/>\n<meta name=\"twitter:label1\" content=\"Tiempo de lectura\" \/>\n\t<meta name=\"twitter:data1\" content=\"13 minutos\" \/>\n<script type=\"application\/ld+json\" class=\"yoast-schema-graph\">{\"@context\":\"https:\\\/\\\/schema.org\",\"@graph\":[{\"@type\":\"WebPage\",\"@id\":\"https:\\\/\\\/liftwisconsin.org\\\/es\\\/sobre-nosotros\\\/personal\\\/\",\"url\":\"https:\\\/\\\/liftwisconsin.org\\\/es\\\/sobre-nosotros\\\/personal\\\/\",\"name\":\"Personal - Lift Wisconsin\",\"isPartOf\":{\"@id\":\"https:\\\/\\\/liftwisconsin.org\\\/es\\\/#website\"},\"datePublished\":\"2024-05-17T02:11:38+00:00\",\"dateModified\":\"2025-10-29T15:03:19+00:00\",\"description\":\"LIFT es una colaboraci\u00f3n entre Economic Justice Institute, Inc., Legal Action of WI, Inc., las cl\u00ednicas legales civiles de la Facultad de Derecho de la UW, Center for Patient Partnerships y Employment and Training Association.\",\"breadcrumb\":{\"@id\":\"https:\\\/\\\/liftwisconsin.org\\\/es\\\/sobre-nosotros\\\/personal\\\/#breadcrumb\"},\"inLanguage\":\"es\",\"potentialAction\":[{\"@type\":\"ReadAction\",\"target\":[\"https:\\\/\\\/liftwisconsin.org\\\/es\\\/sobre-nosotros\\\/personal\\\/\"]}]},{\"@type\":\"BreadcrumbList\",\"@id\":\"https:\\\/\\\/liftwisconsin.org\\\/es\\\/sobre-nosotros\\\/personal\\\/#breadcrumb\",\"itemListElement\":[{\"@type\":\"ListItem\",\"position\":1,\"name\":\"Home\",\"item\":\"https:\\\/\\\/liftwisconsin.org\\\/es\\\/lift-wisconsin\\\/\"},{\"@type\":\"ListItem\",\"position\":2,\"name\":\"Sobre nosotros\",\"item\":\"https:\\\/\\\/liftwisconsin.org\\\/es\\\/sobre-nosotros\\\/\"},{\"@type\":\"ListItem\",\"position\":3,\"name\":\"Personal\"}]},{\"@type\":\"WebSite\",\"@id\":\"https:\\\/\\\/liftwisconsin.org\\\/es\\\/#website\",\"url\":\"https:\\\/\\\/liftwisconsin.org\\\/es\\\/\",\"name\":\"LIFT Wisconsin\",\"description\":\"Legal Interventions for Transforming Wisconsin\",\"potentialAction\":[{\"@type\":\"SearchAction\",\"target\":{\"@type\":\"EntryPoint\",\"urlTemplate\":\"https:\\\/\\\/liftwisconsin.org\\\/es\\\/?s={search_term_string}\"},\"query-input\":{\"@type\":\"PropertyValueSpecification\",\"valueRequired\":true,\"valueName\":\"search_term_string\"}}],\"inLanguage\":\"es\"}]}<\/script>\n<!-- \/ Yoast SEO Premium plugin. -->","yoast_head_json":{"title":"Personal - Lift Wisconsin","description":"LIFT es una colaboraci\u00f3n entre Economic Justice Institute, Inc., Legal Action of WI, Inc., las cl\u00ednicas legales civiles de la Facultad de Derecho de la UW, Center for Patient Partnerships y Employment and Training Association.","robots":{"index":"index","follow":"follow","max-snippet":"max-snippet:-1","max-image-preview":"max-image-preview:large","max-video-preview":"max-video-preview:-1"},"canonical":"https:\/\/liftwisconsin.org\/es\/sobre-nosotros\/personal\/","og_locale":"es_ES","og_type":"article","og_title":"Personal","og_description":"LIFT es una colaboraci\u00f3n entre Economic Justice Institute, Inc., Legal Action of WI, Inc., las cl\u00ednicas legales civiles de la Facultad de Derecho de la UW, Center for Patient Partnerships y Employment and Training Association.","og_url":"https:\/\/liftwisconsin.org\/es\/sobre-nosotros\/personal\/","og_site_name":"Lift Wisconsin","article_modified_time":"2025-10-29T15:03:19+00:00","og_image":[{"width":1200,"height":675,"url":"https:\/\/liftwisconsin.org\/wp-content\/uploads\/2024\/09\/LIFT-Social-Share-Default.png","type":"image\/png"}],"twitter_card":"summary_large_image","twitter_misc":{"Tiempo de lectura":"13 minutos"},"schema":{"@context":"https:\/\/schema.org","@graph":[{"@type":"WebPage","@id":"https:\/\/liftwisconsin.org\/es\/sobre-nosotros\/personal\/","url":"https:\/\/liftwisconsin.org\/es\/sobre-nosotros\/personal\/","name":"Personal - Lift Wisconsin","isPartOf":{"@id":"https:\/\/liftwisconsin.org\/es\/#website"},"datePublished":"2024-05-17T02:11:38+00:00","dateModified":"2025-10-29T15:03:19+00:00","description":"LIFT es una colaboraci\u00f3n entre Economic Justice Institute, Inc., Legal Action of WI, Inc., las cl\u00ednicas legales civiles de la Facultad de Derecho de la UW, Center for Patient Partnerships y Employment and Training Association.","breadcrumb":{"@id":"https:\/\/liftwisconsin.org\/es\/sobre-nosotros\/personal\/#breadcrumb"},"inLanguage":"es","potentialAction":[{"@type":"ReadAction","target":["https:\/\/liftwisconsin.org\/es\/sobre-nosotros\/personal\/"]}]},{"@type":"BreadcrumbList","@id":"https:\/\/liftwisconsin.org\/es\/sobre-nosotros\/personal\/#breadcrumb","itemListElement":[{"@type":"ListItem","position":1,"name":"Home","item":"https:\/\/liftwisconsin.org\/es\/lift-wisconsin\/"},{"@type":"ListItem","position":2,"name":"Sobre nosotros","item":"https:\/\/liftwisconsin.org\/es\/sobre-nosotros\/"},{"@type":"ListItem","position":3,"name":"Personal"}]},{"@type":"WebSite","@id":"https:\/\/liftwisconsin.org\/es\/#website","url":"https:\/\/liftwisconsin.org\/es\/","name":"LIFT Wisconsin","description":"Legal Interventions for Transforming Wisconsin","potentialAction":[{"@type":"SearchAction","target":{"@type":"EntryPoint","urlTemplate":"https:\/\/liftwisconsin.org\/es\/?s={search_term_string}"},"query-input":{"@type":"PropertyValueSpecification","valueRequired":true,"valueName":"search_term_string"}}],"inLanguage":"es"}]}},"featured_image_src":null,"featured_image_src_square":null,"_links":{"self":[{"href":"https:\/\/liftwisconsin.org\/es\/wp-json\/wp\/v2\/pages\/2331","targetHints":{"allow":["GET"]}}],"collection":[{"href":"https:\/\/liftwisconsin.org\/es\/wp-json\/wp\/v2\/pages"}],"about":[{"href":"https:\/\/liftwisconsin.org\/es\/wp-json\/wp\/v2\/types\/page"}],"author":[{"embeddable":true,"href":"https:\/\/liftwisconsin.org\/es\/wp-json\/wp\/v2\/users\/2"}],"replies":[{"embeddable":true,"href":"https:\/\/liftwisconsin.org\/es\/wp-json\/wp\/v2\/comments?post=2331"}],"version-history":[{"count":0,"href":"https:\/\/liftwisconsin.org\/es\/wp-json\/wp\/v2\/pages\/2331\/revisions"}],"up":[{"embeddable":true,"href":"https:\/\/liftwisconsin.org\/es\/wp-json\/wp\/v2\/pages\/2205"}],"wp:attachment":[{"href":"https:\/\/liftwisconsin.org\/es\/wp-json\/wp\/v2\/media?parent=2331"}],"curies":[{"name":"wp","href":"https:\/\/api.w.org\/{rel}","templated":true}]}}